{"id":98,"date":"2015-01-17T13:27:00","date_gmt":"2015-01-17T11:27:00","guid":{"rendered":"http:\/\/neu.swisttal-quesnoy.de\/?page_id=98"},"modified":"2019-02-26T07:24:29","modified_gmt":"2019-02-26T05:24:29","slug":"presse","status":"publish","type":"page","link":"https:\/\/swisttal-quesnoy.de\/?page_id=98","title":{"rendered":"Presse"},"content":{"rendered":"\n<h2 class=\"wp-block-heading\">SBO Tomburg Winds &#8211; 100 Jahre Ende des 1. Weltkrieges<\/h2>\n\n\n\n<p><a href=\"http:\/\/swisttal-quesnoy.de\/wp-content\/uploads\/2019\/02\/SBO-Tomburg-Winds-in-Quesnoy-ohne-Bilder.pdf\" target=\"_blank\" rel=\"noreferrer noopener\" aria-label=\"Artikel (\u00f6ffnet in neuem Tab)\">Artikel<\/a><\/p>\n\n\n\n<h2 class=\"wp-block-heading\">Kriegsgedenken in Partnergemeinde von Swisttal<\/h2>\n\n\n\n<p><a href=\"http:\/\/swisttal-quesnoy.de\/wp-content\/uploads\/2019\/02\/GA-100-Jahre-Ende-Erster-Weltkrieg-Kriegsgedenken-in-Partnergemeinde-von-Swisttal-General-Anzeiger-Bonn.pdf\" target=\"_blank\" rel=\"noreferrer noopener\" aria-label=\"Artikel (\u00f6ffnet in neuem Tab)\">Artikel<\/a><\/p>\n\n\n\n<h2 class=\"wp-block-heading\">CENT MUSICIENS<\/h2>\n\n\n\n<p><a href=\"http:\/\/swisttal-quesnoy.de\/wp-content\/uploads\/2019\/02\/CENT-MUSICIENS.docx\" target=\"_blank\" rel=\"noreferrer noopener\" aria-label=\"Artikel (\u00f6ffnet in neuem Tab)\">Artikel<\/a><\/p>\n\n\n\n<h2 class=\"wp-block-heading\">Bewegendes Friedensfest<\/h2>\n\n\n\n<p><a href=\"http:\/\/swisttal-quesnoy.de\/wp-content\/uploads\/2019\/02\/20181126_BoRu-Bewegendes-Friedensfest.jpg\" target=\"_blank\" rel=\"noreferrer noopener\" aria-label=\"Artikel (\u00f6ffnet in neuem Tab)\">Artikel<\/a><\/p>\n\n\n\n<h2 class=\"wp-block-heading\">100 Musiker &#8211; 100 Jahre sp\u00e4ter<\/h2>\n\n\n\n<h3 class=\"wp-block-heading\">Ein Auftrag an die Zukunft<\/h3>\n\n\n\n<p><a href=\"http:\/\/swisttal-quesnoy.de\/wp-content\/uploads\/2019\/02\/100-Musiker-100-Jahre-sp\u00e4ter.pdf\" target=\"_blank\" rel=\"noreferrer noopener\" aria-label=\"Artikel (\u00f6ffnet in neuem Tab)\">Artikel<\/a><\/p>\n\n\n\n<p><a href=\"https:\/\/epaper.ga-bonn.de\/article.act?issueId=541170&amp;newsitemId=47818752&amp;token=YpJjUUsTLKfyGttuufPbrw\">General Anzeiger 13.11.2018<\/a><\/p>\n\n\n\n<h3 class=\"wp-block-heading\">&#8222;Die Partnerschaft bereichert&#8220;<\/h3>\n\n\n\n<p><a href=\"http:\/\/swisttal-quesnoy.de\/wp-content\/uploads\/2015\/01\/SFSSOG317080704300.pdf\">Wir in Swisttal &#8211; 05.08.2017<\/a><br><a href=\"http:\/\/swisttal-quesnoy.de\/wp-content\/uploads\/2017\/07\/Schaufenster-26.Juli-2017.pdf\">Schaufenster 26.Juli 2017<\/a><br><a href=\"http:\/\/swisttal-quesnoy.de\/wp-content\/uploads\/2017\/07\/Bonner-GA-27.Juli-2017.pdf\">Bonner GA 27.Juli 2017<\/a><br><a href=\"http:\/\/swisttal-quesnoy.de\/wp-content\/uploads\/2017\/07\/Blick-aktuell-Titelseite.pdf\">Blick aktuell Titelseite<\/a><br><a href=\"http:\/\/swisttal-quesnoy.de\/wp-content\/uploads\/2017\/07\/Blick-aktuell-innen.pdf\">Blick aktuell innen<\/a><\/p>\n\n\n\n<h3 class=\"wp-block-heading\">Partnerschaftsfest mit Rheinischer Tradition<\/h3>\n\n\n\n<h3 class=\"wp-block-heading\"><a href=\"http:\/\/www.ortszeitungen.de\/rm\/DxMLW?Template=.\/Templates\/idx.tpl&amp;Ort=102&amp;Rubrik=1000000&amp;Art=2659228\" target=\"_blank\" rel=\"noopener\">Link zum Artikel&nbsp;<\/a><\/h3>\n\n\n\n<p>Quelle: Amtsblatt Swisttal vom 22.07.2017<\/p>\n\n\n\n<h3 class=\"wp-block-heading\">Partnerschaftsverein feiert sein zehnj\u00e4hriges Bestehen<\/h3>\n\n\n\n<div class=\"wp-block-image\"><figure class=\"alignleft\"><a href=\"http:\/\/swisttal-quesnoy.de\/wp-content\/uploads\/2015\/01\/20160719_ga-bonn.png\" rel=\"noopener\"><img loading=\"lazy\" decoding=\"async\" width=\"300\" height=\"257\" src=\"http:\/\/swisttal-quesnoy.de\/wp-content\/uploads\/2015\/01\/20160719_ga-bonn-300x257.png\" alt=\"20160719_ga-bonn\" class=\"wp-image-727\" srcset=\"https:\/\/swisttal-quesnoy.de\/wp-content\/uploads\/2015\/01\/20160719_ga-bonn-300x257.png 300w, https:\/\/swisttal-quesnoy.de\/wp-content\/uploads\/2015\/01\/20160719_ga-bonn-768x658.png 768w, https:\/\/swisttal-quesnoy.de\/wp-content\/uploads\/2015\/01\/20160719_ga-bonn-1024x878.png 1024w, https:\/\/swisttal-quesnoy.de\/wp-content\/uploads\/2015\/01\/20160719_ga-bonn-624x535.png 624w, https:\/\/swisttal-quesnoy.de\/wp-content\/uploads\/2015\/01\/20160719_ga-bonn.png 1426w\" sizes=\"auto, (max-width: 300px) 100vw, 300px\" \/><\/a><figcaption>Quelle: GA Bonn vom 19.07.2016<\/figcaption><\/figure><\/div>\n\n\n\n<h3 class=\"wp-block-heading\">&nbsp;<\/h3>\n\n\n\n<h3 class=\"wp-block-heading\">Fahrt des Partnerschaftsvereins nach Quesnoy<\/h3>\n\n\n\n<p><a href=\"http:\/\/www.ortszeitungen.de\/rmp\/DxMLW?Template=.\/Templates\/idx.tpl&amp;Ort=102&amp;Rubrik=1000000&amp;Art=2450603\" target=\"_blank\" rel=\"noopener\">zum Artikel<\/a><\/p>\n\n\n\n<div class=\"wp-block-image\"><figure class=\"alignleft\"><a href=\"http:\/\/swisttal-quesnoy.de\/wp-content\/uploads\/2015\/01\/0596_001.jpg\"><img loading=\"lazy\" decoding=\"async\" width=\"300\" height=\"212\" src=\"http:\/\/swisttal-quesnoy.de\/wp-content\/uploads\/2015\/01\/0596_001-300x212.jpg\" alt=\"0596_001\" class=\"wp-image-367\" srcset=\"https:\/\/swisttal-quesnoy.de\/wp-content\/uploads\/2015\/01\/0596_001-300x212.jpg 300w, https:\/\/swisttal-quesnoy.de\/wp-content\/uploads\/2015\/01\/0596_001-1024x723.jpg 1024w, https:\/\/swisttal-quesnoy.de\/wp-content\/uploads\/2015\/01\/0596_001-624x441.jpg 624w, https:\/\/swisttal-quesnoy.de\/wp-content\/uploads\/2015\/01\/0596_001.jpg 1642w\" sizes=\"auto, (max-width: 300px) 100vw, 300px\" \/><\/a><\/figure><\/div>\n\n\n\n<h3 class=\"wp-block-heading\">&nbsp;<\/h3>\n\n\n\n<h3 class=\"wp-block-heading\">25 Jahre St\u00e4dtepartnerschaft Swisttal-Quesnoy<\/h3>\n\n\n\n<h3 class=\"wp-block-heading\"><figure><img loading=\"lazy\" decoding=\"async\" class=\" size-medium wp-image-366 alignleft\" src=\"http:\/\/swisttal-quesnoy.de\/wp-content\/uploads\/2015\/01\/0595_001-300x200.jpg\" alt=\"0595_001\" width=\"300\" height=\"200\" srcset=\"https:\/\/swisttal-quesnoy.de\/wp-content\/uploads\/2015\/01\/0595_001-300x200.jpg 300w, https:\/\/swisttal-quesnoy.de\/wp-content\/uploads\/2015\/01\/0595_001-1024x683.jpg 1024w, https:\/\/swisttal-quesnoy.de\/wp-content\/uploads\/2015\/01\/0595_001-624x416.jpg 624w\" sizes=\"auto, (max-width: 300px) 100vw, 300px\" \/><\/figure><\/h3>\n\n\n\n<p><a href=\"http:\/\/www.ortszeitungen.de\/rmp\/DxMLW?Template=.\/Templates\/idx.tpl&amp;Ort=102&amp;Art=2450600\" target=\"_blank\" rel=\"noopener\">zum Artikel<\/a><\/p>\n\n\n\n<h3 class=\"wp-block-heading\"><figure><a href=\"http:\/\/swisttal-quesnoy.de\/wp-content\/uploads\/2015\/10\/20151028_073404-11.jpg\" rel=\"attachment wp-att-458\"><img loading=\"lazy\" decoding=\"async\" class=\"size-medium wp-image-458 alignleft\" src=\"http:\/\/swisttal-quesnoy.de\/wp-content\/uploads\/2015\/10\/20151028_073404-11-273x300.jpg\" alt=\"20151028_073404-1\" width=\"273\" height=\"300\" srcset=\"https:\/\/swisttal-quesnoy.de\/wp-content\/uploads\/2015\/10\/20151028_073404-11-273x300.jpg 273w, https:\/\/swisttal-quesnoy.de\/wp-content\/uploads\/2015\/10\/20151028_073404-11-933x1024.jpg 933w, https:\/\/swisttal-quesnoy.de\/wp-content\/uploads\/2015\/10\/20151028_073404-11-624x684.jpg 624w, https:\/\/swisttal-quesnoy.de\/wp-content\/uploads\/2015\/10\/20151028_073404-11.jpg 1836w\" sizes=\"auto, (max-width: 273px) 100vw, 273px\" \/><\/a><\/figure><\/h3>\n\n\n\n<h3 class=\"wp-block-heading\"><figure><a href=\"http:\/\/swisttal-quesnoy.de\/wp-content\/uploads\/2015\/10\/20151025_172428.jpg\" rel=\"attachment wp-att-455\"><img loading=\"lazy\" decoding=\"async\" class=\"size-medium wp-image-455 alignleft\" src=\"http:\/\/swisttal-quesnoy.de\/wp-content\/uploads\/2015\/10\/20151025_172428-300x169.jpg\" alt=\"20151025_172428\" width=\"300\" height=\"169\" srcset=\"https:\/\/swisttal-quesnoy.de\/wp-content\/uploads\/2015\/10\/20151025_172428-300x169.jpg 300w, https:\/\/swisttal-quesnoy.de\/wp-content\/uploads\/2015\/10\/20151025_172428-1024x576.jpg 1024w, https:\/\/swisttal-quesnoy.de\/wp-content\/uploads\/2015\/10\/20151025_172428-624x351.jpg 624w\" sizes=\"auto, (max-width: 300px) 100vw, 300px\" \/><\/a><\/figure><\/h3>\n\n\n\n<h3 class=\"wp-block-heading\"><figure><a href=\"http:\/\/swisttal-quesnoy.de\/wp-content\/uploads\/2015\/10\/20151028_073954-1.jpg\" rel=\"attachment wp-att-456\"><img loading=\"lazy\" decoding=\"async\" class=\"size-medium wp-image-456 alignleft\" src=\"http:\/\/swisttal-quesnoy.de\/wp-content\/uploads\/2015\/10\/20151028_073954-1-300x284.jpg\" alt=\"20151028_073954-1\" width=\"300\" height=\"284\" srcset=\"https:\/\/swisttal-quesnoy.de\/wp-content\/uploads\/2015\/10\/20151028_073954-1-300x284.jpg 300w, https:\/\/swisttal-quesnoy.de\/wp-content\/uploads\/2015\/10\/20151028_073954-1-1024x970.jpg 1024w, https:\/\/swisttal-quesnoy.de\/wp-content\/uploads\/2015\/10\/20151028_073954-1-624x591.jpg 624w, https:\/\/swisttal-quesnoy.de\/wp-content\/uploads\/2015\/10\/20151028_073954-1.jpg 1780w\" sizes=\"auto, (max-width: 300px) 100vw, 300px\" \/><\/a><\/figure><\/h3>\n\n\n\n<h3 class=\"wp-block-heading\">Spiel und Tanz nach Art der Sch&#8217;ti Spannende Tage in Quesnoy<\/h3>\n\n\n\n<div class=\"wp-block-image\"><figure class=\"alignleft\"><a href=\"http:\/\/neu.swisttal-quesnoy.de\/wp-content\/uploads\/2015\/01\/besuch-_i_f-2014.jpg\"><img loading=\"lazy\" decoding=\"async\" width=\"300\" height=\"235\" src=\"http:\/\/neu.swisttal-quesnoy.de\/wp-content\/uploads\/2015\/01\/besuch-_i_f-2014-300x235.jpg\" alt=\"besuch _i_f-2014\" class=\"wp-image-127\" srcset=\"https:\/\/swisttal-quesnoy.de\/wp-content\/uploads\/2015\/01\/besuch-_i_f-2014-300x235.jpg 300w, https:\/\/swisttal-quesnoy.de\/wp-content\/uploads\/2015\/01\/besuch-_i_f-2014-624x489.jpg 624w, https:\/\/swisttal-quesnoy.de\/wp-content\/uploads\/2015\/01\/besuch-_i_f-2014.jpg 700w\" sizes=\"auto, (max-width: 300px) 100vw, 300px\" \/><\/a><\/figure><\/div>\n\n\n\n<h3 class=\"wp-block-heading\">Kontakt durch Begegnung gest\u00e4rkt<\/h3>\n\n\n\n<p><a href=\"http:\/\/neu.swisttal-quesnoy.de\/wp-content\/uploads\/2015\/01\/freundsch_treff_2014.pdf\">Wir Swisttaler 30.08.2014<\/a><\/p>\n\n\n\n<div class=\"page\" title=\"Page 1\">\n<div class=\"section\">\n<div class=\"layoutArea\">\n<div class=\"column\">\n<h3><strong>Ein Novum in der deutsch-franz\u00f6sischen Partnerschaft<\/strong><\/h3>\n<p><a href=\"http:\/\/neu.swisttal-quesnoy.de\/wp-content\/uploads\/2015\/01\/GA-Mai-2013-Chorkonzert-in-Buschhoven-Ein-No-vum-in-der-deutsch-franz\u00f6sischen-Partnersch-aft-GA-Bonn.pdf\">General Anzeiger Mai 2013<\/a><\/p>\n<p>&nbsp;<\/p>\n<div class=\"page\" title=\"Page 1\">\n<div class=\"section\">\n<div class=\"layoutArea\">\n<div class=\"column\">\n<h3>Swisttaler Partnerschaftsverein k\u00fcrt die Sieger des Fotowettbewerbs<\/h3>\n<p><a href=\"http:\/\/neu.swisttal-quesnoy.de\/wp-content\/uploads\/2015\/01\/GA-M\u00e4rz-2013-Europa-f\u00fcr-alle-Swisttaler-Partnerschaftsverein-k\u00fcrt-die-Sieger-des-Fo-towettbewerbs-GA-Bonn.pdf\">Swisttaler Partnerschaftsverein k\u00fcrt die Sieger des Fotowettbewerbs<\/a><\/p>\n<p>&nbsp;<\/p>\n<\/div>\n<\/div>\n<\/div>\n<\/div>\n<div class=\"page\" title=\"Page 1\">\n<div class=\"section\">\n<div class=\"layoutArea\">\n<div class=\"column\">\n<h3>Besuch aus dem Land der Sch&#8217;tis<\/h3>\n<p><a href=\"http:\/\/neu.swisttal-quesnoy.de\/wp-content\/uploads\/2015\/01\/GA-2014-Sommerfest-in-Swisttal-Besuch-aus-de-m-Land-der-Sch-tis-GA-Bonn.pdf\">Besuch aus dem Land der Sch&#8217;tis<\/a><\/p>\n<p>&nbsp;<\/p>\n<\/div>\n<\/div>\n<\/div>\n<\/div>\n<\/div>\n<\/div>\n<\/div>\n<\/div>\n\n\n\n<h3 class=\"wp-block-heading\">Neuer Vorstand gew\u00e4hlt 2012<\/h3>\n\n\n\n<p><a href=\"http:\/\/neu.swisttal-quesnoy.de\/wp-content\/uploads\/2015\/01\/Swisttal-Verein-zur-F\u00f6rderung-der-Partnerschaft-zwischen-Quesnoy-sur-Deule-und-Swisttal.pdf\">Neuer Vorstand beim Partnerschaftsverein<\/a><\/p>\n\n\n\n<h3 class=\"wp-block-heading\"><strong>Eltern- Kinder-Austausch 2011<\/strong><\/h3>\n\n\n\n<p><a href=\"http:\/\/neu.swisttal-quesnoy.de\/wp-content\/uploads\/2015\/01\/Aust_jugend2010.pdf\">General Anzeiger 21.10.2011<\/a><\/p>\n\n\n\n<p><a href=\"http:\/\/neu.swisttal-quesnoy.de\/wp-content\/uploads\/2015\/01\/Bericht_Kuesschen.pdf\">General Anzeiger 28.04.2011<\/a><\/p>\n\n\n\n<div class=\"wp-block-image\"><figure class=\"alignleft\"><a href=\"http:\/\/neu.swisttal-quesnoy.de\/wp-content\/uploads\/2015\/01\/111027-Partnerschaft-Besuch.jpg\"><img loading=\"lazy\" decoding=\"async\" width=\"138\" height=\"300\" src=\"http:\/\/neu.swisttal-quesnoy.de\/wp-content\/uploads\/2015\/01\/111027-Partnerschaft-Besuch-138x300.jpg\" alt=\"Blickpunkt Aktuell 27.10.2011\" class=\"wp-image-132\" srcset=\"https:\/\/swisttal-quesnoy.de\/wp-content\/uploads\/2015\/01\/111027-Partnerschaft-Besuch-138x300.jpg 138w, https:\/\/swisttal-quesnoy.de\/wp-content\/uploads\/2015\/01\/111027-Partnerschaft-Besuch-470x1024.jpg 470w, https:\/\/swisttal-quesnoy.de\/wp-content\/uploads\/2015\/01\/111027-Partnerschaft-Besuch-624x1358.jpg 624w, https:\/\/swisttal-quesnoy.de\/wp-content\/uploads\/2015\/01\/111027-Partnerschaft-Besuch.jpg 1606w\" sizes=\"auto, (max-width: 138px) 100vw, 138px\" \/><\/a><\/figure><\/div>\n\n\n\n<h3 class=\"Stil1 wp-block-heading\">20 Jahre Partnerschaft 2010<\/h3>\n\n\n\n<p><a href=\"http:\/\/neu.swisttal-quesnoy.de\/wp-content\/uploads\/2015\/01\/General-Anzeiger-15.10.2010.pdf\">General Anzeiger 15.10.2010<\/a><\/p>\n\n\n\n<p><a href=\"http:\/\/neu.swisttal-quesnoy.de\/wp-content\/uploads\/2015\/01\/General-Anzeiger-18.10.2010.pdf\">General Anzeiger 18.10.2010<\/a><\/p>\n\n\n\n<p><a href=\"http:\/\/neu.swisttal-quesnoy.de\/wp-content\/uploads\/2015\/01\/General-Anzeiger-a-21.10.2010.pdf\">General Anzeiger a 21.10.2010<\/a><\/p>\n\n\n\n<p><a href=\"http:\/\/neu.swisttal-quesnoy.de\/wp-content\/uploads\/2015\/01\/General-Anzeiger-b-21.10.2010.pdf\">General Anzeiger b 21.10.2010<\/a><\/p>\n\n\n\n<div class=\"wp-block-image\"><figure class=\"alignleft\"><a href=\"http:\/\/neu.swisttal-quesnoy.de\/wp-content\/uploads\/2015\/01\/jubel_2010_blickpkt.jpg\"><img loading=\"lazy\" decoding=\"async\" width=\"207\" height=\"300\" src=\"http:\/\/neu.swisttal-quesnoy.de\/wp-content\/uploads\/2015\/01\/jubel_2010_blickpkt-207x300.jpg\" alt=\"jubel_2010_blickpkt\" class=\"wp-image-138\" srcset=\"https:\/\/swisttal-quesnoy.de\/wp-content\/uploads\/2015\/01\/jubel_2010_blickpkt-207x300.jpg 207w, https:\/\/swisttal-quesnoy.de\/wp-content\/uploads\/2015\/01\/jubel_2010_blickpkt-706x1024.jpg 706w, https:\/\/swisttal-quesnoy.de\/wp-content\/uploads\/2015\/01\/jubel_2010_blickpkt-624x905.jpg 624w, https:\/\/swisttal-quesnoy.de\/wp-content\/uploads\/2015\/01\/jubel_2010_blickpkt.jpg 785w\" sizes=\"auto, (max-width: 207px) 100vw, 207px\" \/><\/a><\/figure><\/div>\n\n\n\n<div class=\"wp-block-image\"><figure class=\"alignleft\"><a href=\"http:\/\/neu.swisttal-quesnoy.de\/wp-content\/uploads\/2015\/01\/jubel_2010gross.jpg\"><img loading=\"lazy\" decoding=\"async\" width=\"300\" height=\"220\" src=\"http:\/\/neu.swisttal-quesnoy.de\/wp-content\/uploads\/2015\/01\/jubel_2010gross-300x220.jpg\" alt=\"jubel_2010gross\" class=\"wp-image-139\" srcset=\"https:\/\/swisttal-quesnoy.de\/wp-content\/uploads\/2015\/01\/jubel_2010gross-300x220.jpg 300w, https:\/\/swisttal-quesnoy.de\/wp-content\/uploads\/2015\/01\/jubel_2010gross-624x458.jpg 624w, https:\/\/swisttal-quesnoy.de\/wp-content\/uploads\/2015\/01\/jubel_2010gross.jpg 1012w\" sizes=\"auto, (max-width: 300px) 100vw, 300px\" \/><\/a><\/figure><\/div>\n\n\n\n<div class=\"wp-block-image\"><figure class=\"alignleft\"><a href=\"http:\/\/neu.swisttal-quesnoy.de\/wp-content\/uploads\/2015\/01\/zeitung0607gross.jpg\"><img loading=\"lazy\" decoding=\"async\" width=\"300\" height=\"182\" src=\"http:\/\/neu.swisttal-quesnoy.de\/wp-content\/uploads\/2015\/01\/zeitung0607gross-300x182.jpg\" alt=\"zeitung0607gross\" class=\"wp-image-141\" srcset=\"https:\/\/swisttal-quesnoy.de\/wp-content\/uploads\/2015\/01\/zeitung0607gross-300x182.jpg 300w, https:\/\/swisttal-quesnoy.de\/wp-content\/uploads\/2015\/01\/zeitung0607gross-624x379.jpg 624w, https:\/\/swisttal-quesnoy.de\/wp-content\/uploads\/2015\/01\/zeitung0607gross.jpg 1000w\" sizes=\"auto, (max-width: 300px) 100vw, 300px\" \/><\/a><\/figure><\/div>\n","protected":false},"excerpt":{"rendered":"<p>SBO Tomburg Winds &#8211; 100 Jahre Ende des 1. Weltkrieges Artikel Kriegsgedenken in Partnergemeinde von Swisttal Artikel CENT MUSICIENS Artikel Bewegendes Friedensfest Artikel 100 Musiker &#8211; 100 Jahre sp\u00e4ter Ein Auftrag an die Zukunft Artikel General Anzeiger 13.11.2018 &#8222;Die Partnerschaft bereichert&#8220; Wir in Swisttal &#8211; 05.08.2017Schaufenster 26.Juli 2017Bonner GA 27.Juli 2017Blick aktuell TitelseiteBlick aktuell innen [&hellip;]<\/p>\n","protected":false},"author":1,"featured_media":0,"parent":0,"menu_order":5,"comment_status":"closed","ping_status":"closed","template":"","meta":{"footnotes":""},"class_list":["post-98","page","type-page","status-publish","hentry"],"_links":{"self":[{"href":"https:\/\/swisttal-quesnoy.de\/index.php?rest_route=\/wp\/v2\/pages\/98","targetHints":{"allow":["GET"]}}],"collection":[{"href":"https:\/\/swisttal-quesnoy.de\/index.php?rest_route=\/wp\/v2\/pages"}],"about":[{"href":"https:\/\/swisttal-quesnoy.de\/index.php?rest_route=\/wp\/v2\/types\/page"}],"author":[{"embeddable":true,"href":"https:\/\/swisttal-quesnoy.de\/index.php?rest_route=\/wp\/v2\/users\/1"}],"replies":[{"embeddable":true,"href":"https:\/\/swisttal-quesnoy.de\/index.php?rest_route=%2Fwp%2Fv2%2Fcomments&post=98"}],"version-history":[{"count":20,"href":"https:\/\/swisttal-quesnoy.de\/index.php?rest_route=\/wp\/v2\/pages\/98\/revisions"}],"predecessor-version":[{"id":1404,"href":"https:\/\/swisttal-quesnoy.de\/index.php?rest_route=\/wp\/v2\/pages\/98\/revisions\/1404"}],"wp:attachment":[{"href":"https:\/\/swisttal-quesnoy.de\/index.php?rest_route=%2Fwp%2Fv2%2Fmedia&parent=98"}],"curies":[{"name":"wp","href":"https:\/\/api.w.org\/{rel}","templated":true}]}}